{"id":2334,"date":"2023-11-01T10:11:17","date_gmt":"2023-11-01T10:11:17","guid":{"rendered":"https:\/\/centerdent.ch\/?page_id=2334"},"modified":"2023-11-21T15:05:55","modified_gmt":"2023-11-21T15:05:55","slug":"la-dentisterie-esthetique","status":"publish","type":"page","link":"https:\/\/centerdent.ch\/fr\/prestations\/la-dentisterie-esthetique\/","title":{"rendered":"La dentisterie esth\u00e9tique"},"content":{"rendered":"<div class=\"fusion-fullwidth fullwidth-box fusion-builder-row-1 fusion-flex-container has-pattern-background has-mask-background nonhundred-percent-fullwidth non-hundred-percent-height-scrolling\" style=\"--awb-border-radius-top-left:0px;--awb-border-radius-top-right:0px;--awb-border-radius-bottom-right:0px;--awb-border-radius-bottom-left:0px;--awb-flex-wrap:wrap;\" ><div class=\"fusion-builder-row fusion-row fusion-flex-align-items-flex-start fusion-flex-justify-content-center fusion-flex-content-wrap\" style=\"max-width:1721.2px;margin-left: calc(-4% \/ 2 );margin-right: calc(-4% \/ 2 );\"><div class=\"fusion-layout-column fusion_builder_column fusion-builder-column-0 fusion_builder_column_3_4 3_4 fusion-flex-column\" style=\"--awb-bg-size:cover;--awb-width-large:75%;--awb-margin-top-large:0px;--awb-spacing-right-large:2.56%;--awb-margin-bottom-large:20px;--awb-spacing-left-large:2.56%;--awb-width-medium:100%;--awb-order-medium:0;--awb-spacing-right-medium:1.92%;--awb-spacing-left-medium:1.92%;--awb-width-small:100%;--awb-order-small:0;--awb-spacing-right-small:1.92%;--awb-spacing-left-small:1.92%;\"><div class=\"fusion-column-wrapper fusion-column-has-shadow fusion-flex-justify-content-flex-start fusion-content-layout-column\"><div class=\"fusion-text fusion-text-1\"><h2 data-fontsize=\"42\" style=\"--fontSize: 42; line-height: 1.2;\" data-lineheight=\"50.4px\" class=\"fusion-responsive-typography-calculated\">Blanchiment<\/h2>\n<p>Le blanchiment des dents consiste \u00e0 recourir \u00e0 diverses techniques destin\u00e9es \u00e0 blanchir les dents tach\u00e9es. Le blanchiment par voie interne a lieu de l&rsquo;int\u00e9rieur, sur des dents d\u00e9vitalis\u00e9es. Le blanchiment externe est effectu\u00e9 \u00e0 la surface de dents saines. Le blanchiment peut \u00eatre r\u00e9alis\u00e9 en cabinet ou bien \u00e0 domicile. En cabinet dentaire, le dentiste prot\u00e8ge les gencives \u00e0 l&rsquo;aide d&rsquo;une digue dentaire lorsqu&rsquo;il proc\u00e8de au blanchiment. Lors d&rsquo;un blanchiment \u00e0 domicile, le patient se voit remettre une goutti\u00e8re fabriqu\u00e9e sur-mesure qui doit par exemple \u00eatre port\u00e9e toute la nuit apr\u00e8s avoir \u00e9t\u00e9 remplie d&rsquo;un agent blanchissant.<\/p>\n<p><b>Nouvelle m\u00e9thode de blanchiment avec <\/b><\/p>\n<\/div><div class=\"fusion-image-element \" style=\"--awb-caption-title-font-family:var(--h2_typography-font-family);--awb-caption-title-font-weight:var(--h2_typography-font-weight);--awb-caption-title-font-style:var(--h2_typography-font-style);--awb-caption-title-size:var(--h2_typography-font-size);--awb-caption-title-transform:var(--h2_typography-text-transform);--awb-caption-title-line-height:var(--h2_typography-line-height);--awb-caption-title-letter-spacing:var(--h2_typography-letter-spacing);\"><span class=\" fusion-imageframe imageframe-none imageframe-1 hover-type-none\"><img decoding=\"async\" width=\"100\" height=\"48\" title=\"zoom-logo-Copy-640&#215;213\" src=\"data:image\/svg+xml,%3Csvg%20xmlns%3D%27http%3A%2F%2Fwww.w3.org%2F2000%2Fsvg%27%20width%3D%27100%27%20height%3D%2748%27%20viewBox%3D%270%200%20100%2048%27%3E%3Crect%20width%3D%27100%27%20height%3D%2748%27%20fill-opacity%3D%220%22%2F%3E%3C%2Fsvg%3E\" data-orig-src=\"https:\/\/centerdent.ch\/wp-content\/uploads\/2023\/11\/zoom-logo-Copy-640x213-1.jpg\" alt class=\"lazyload img-responsive wp-image-2113\"\/><\/span><\/div><div class=\"fusion-text fusion-text-2\"><p>La m\u00e9thode de blanchiment Zoom\u00ae b\u00e9n\u00e9ficie d&rsquo;une technologie innovante et ultra-moderne. Ces lampes uniques ont d\u00e9j\u00e0 permis \u00e0 des millions de personnes dans le monde entier de retrouver un sourire d&rsquo;un blanc \u00e9clatant. Gr\u00e2ce \u00e0 ZOOM\u00ae, les dents sont en moyenne plus blanches de 8 \u00e0 9 nuances ! ZOOM\u00ae fait partie des m\u00e9thodes d&rsquo;\u00e9claircissement les plus douces, malgr\u00e9 une action blanchissante puissante. Des \u00e9tudes prouvent que ce proc\u00e9d\u00e9 n&rsquo;endommage pas l&rsquo;\u00e9mail. Gr\u00e2ce \u00e0 une lumi\u00e8re sp\u00e9ciale, on \u00e9limine \u00e9galement les bact\u00e9ries qui peuvent faire partie des agents responsables de la mauvaise haleine ou des inflammations des gencives.<\/p>\n<p>Au bout d&rsquo;une heure environ, vos dents retrouvent la blancheur naturelle qui correspond \u00e0 l&rsquo;apparence que vous souhaitez avoir. Vous pouvez entretenir cette blancheur \u00e9clatante de vos dents en utilisant \u00e9galement des produits de soin qui \u00e9vitent la formation de nouvelles taches sur la surface de vos dents.<\/p>\n<h2 data-fontsize=\"42\" style=\"--fontSize: 42; line-height: 1.2;\" data-lineheight=\"50.4px\" class=\"fusion-responsive-typography-calculated\">Les facettes<\/h2>\n<p>Les facettes sont de fines pellicules qui adoptent la couleur des dents et qui sont coll\u00e9es sur la face ant\u00e9rieure des dents afin d&rsquo;en am\u00e9liorer l&rsquo;aspect esth\u00e9tique. Les indications \u00e0 la pose des facettes sont les d\u00e9fauts et fractures de l&rsquo;\u00e9mail, les colorations permanentes, les taches, les malformations des dents et l&rsquo;optimisation du positionnement des dents, telle le comblement de l&rsquo;espace entre les deux dents de devant et les l\u00e9g\u00e8res corrections de l&rsquo;implantation des dents. La surface visible des dents est tr\u00e8s l\u00e9g\u00e8rement ponc\u00e9e, de sorte que la perte de substance est limit\u00e9e \u00e0 son minimum. Gr\u00e2ce \u00e0 une technique moderne de collage, les facettes tiennent bien plus longtemps que celles qui \u00e9taient utilis\u00e9es autrefois par les stars d&rsquo;Hollywood comme Marylin Monroe ou James Dean et qui ne tenaient qu&rsquo;une seule journ\u00e9e de tournage.<\/p>\n<p>Le besoin de recourir \u00e0 des facettes d\u00e9pend du type de correction n\u00e9cessaire, du positionnement des dents et de l&rsquo;objectif ambitionn\u00e9, et la d\u00e9cision doit toujours \u00eatre prise au cas par cas.<\/p>\n<h2 data-fontsize=\"42\" style=\"--fontSize: 42; line-height: 1.2;\" data-lineheight=\"50.4px\" class=\"fusion-responsive-typography-calculated\">Les couronnes c\u00e9ramo-m\u00e9talliques et couronnes \u00e0 l&rsquo;oxyde de zirconium (c\u00e9ramique)<\/h2>\n<p>On parle de couronnes ou de bridges c\u00e9ramo-m\u00e9talliques quand ils sont constitu\u00e9s d&rsquo;une structure en m\u00e9tal noble recouverte de c\u00e9ramique.<\/p>\n<p>Avec les couronnes en oxyde de zirconium (un mat\u00e9riau de substitution des dents enti\u00e8rement en c\u00e9ramique utilis\u00e9 dans l&rsquo;a\u00e9ronautique et pour les proth\u00e8ses articulaires), on obtient un r\u00e9sultat esth\u00e9tique impeccable, car l&rsquo;oxyde de zirconium est mieux tol\u00e9r\u00e9 par les tissus que les mat\u00e9riaux commun\u00e9ment utilis\u00e9s. On a recours \u00e0 des couronnes dentaires lorsque par ex. les dents ont \u00e9t\u00e9 endommag\u00e9es par des caries, des traitements des racines ou qu&rsquo;un \u00e9clat s&rsquo;en est d\u00e9tach\u00e9.<\/p>\n<h2 data-fontsize=\"42\" style=\"--fontSize: 42; line-height: 1.2;\" data-lineheight=\"50.4px\" class=\"fusion-responsive-typography-calculated\">Les obturations en composite et inlays en c\u00e9ramique<\/h2>\n<p>Le mat\u00e9riau composite est un mat\u00e9riau de la m\u00eame couleur que les dents, en plastique, en verre ou en c\u00e9ramique m\u00e9lang\u00e9 \u00e0 des particules de quartz, qui est utilis\u00e9 notamment pour proc\u00e9der \u00e0 des obturations au niveau des dents de devant et lat\u00e9rales, ou bien pour corriger le positionnement des dents (par ex. le comblement d&rsquo;un espace). Ce mat\u00e9riau est appliqu\u00e9 couche par couche, model\u00e9 et fix\u00e9 durablement \u00e0 la dent \u00e0 l&rsquo;aide d&rsquo;une technique sp\u00e9ciale de collage.<\/p>\n<p>Un inlay est un \u00e9l\u00e9ment de comblement r\u00e9alis\u00e9 apr\u00e8s une prise d&#8217;empreinte effectu\u00e9e g\u00e9n\u00e9ralement \u00e0 la suite d&rsquo;une carie importante. L&rsquo;inlay est fabriqu\u00e9 soit dans un laboratoire de techniques dentaires, puis plac\u00e9 par le dentiste, soit r\u00e9alis\u00e9 \u00e0 l&rsquo;aide de la technique CEREC (Ceramic Reconstruction), d&rsquo;un proc\u00e9d\u00e9 CAD\/CAM (Computer Aided Design\/Computer Aided Manufacturing) en une seule et m\u00eame s\u00e9ance. Au lieu d&rsquo;une prise d&#8217;empreinte classique, \u00e0 l&rsquo;aide d&rsquo;une cam\u00e9ra, en quelques secondes, on effectue un clich\u00e9 en trois dimensions de la dent qui a \u00e9t\u00e9 pr\u00e9par\u00e9e. Ensuite, en se basant sur ces donn\u00e9es, \u00e0 partir d&rsquo;un bloc de c\u00e9ramique, une ponceuse fabrique cette pi\u00e8ce de pr\u00e9cision directement au cabinet, en moins de 20 minutes. Gr\u00e2ce \u00e0 la proc\u00e9dure CAD\/CAM, en plus des inlays en c\u00e9ramique, on peut \u00e9galement confectionner des facettes et des couronnes en c\u00e9ramique.<\/p>\n<h2 data-fontsize=\"42\" style=\"--fontSize: 42; line-height: 1.2;\" data-lineheight=\"50.4px\" class=\"fusion-responsive-typography-calculated\">La correction des gencives<\/h2>\n<p>La gencive peut \u00eatre l\u00e9s\u00e9e par ex. en raison d&rsquo;une technique de brossage traumatisante, ou bien elle peut se r\u00e9tracter suite \u00e0 une maladie parodontale. On assiste alors \u00e0 des r\u00e9cessions et \u00e0 la mise \u00e0 nu du collet dentaire. Gr\u00e2ce \u00e0 des interventions mini-invasives, on peut am\u00e9liorer l&rsquo;esth\u00e9tique en recouvrant les zones de gencives r\u00e9tract\u00e9es au moyen de greffes de tissu conjonctif. Les nombreuses techniques de recouvrement des zones r\u00e9tract\u00e9es varient d&rsquo;un cas \u00e0 l&rsquo;autre. En revanche, lorsque les gencives sont trop visibles (sourire gingival), on peut \u00e9liminer la zone de gencive superflue gr\u00e2ce \u00e0 une technique sp\u00e9ciale de laser afin d&rsquo;obtenir un aspect plus harmonieux.<\/p>\n<\/div><\/div><\/div><\/div><\/div>\n","protected":false},"excerpt":{"rendered":"","protected":false},"author":1,"featured_media":2109,"parent":2333,"menu_order":0,"comment_status":"closed","ping_status":"closed","template":"100-width.php","meta":{"footnotes":""},"class_list":["post-2334","page","type-page","status-publish","has-post-thumbnail","hentry"],"yoast_head":"<!-- This site is optimized with the Yoast SEO plugin v27.5 - https:\/\/yoast.com\/product\/yoast-seo-wordpress\/ -->\n<title>Centerdent | La dentisterie esth\u00e9tique<\/title>\n<meta name=\"robots\" content=\"index, follow, max-snippet:-1, max-image-preview:large, max-video-preview:-1\" \/>\n<link rel=\"canonical\" href=\"https:\/\/centerdent.ch\/fr\/prestations\/la-dentisterie-esthetique\/\" \/>\n<meta property=\"og:locale\" content=\"fr_FR\" \/>\n<meta property=\"og:type\" content=\"article\" \/>\n<meta property=\"og:title\" content=\"Centerdent | La dentisterie esth\u00e9tique\" \/>\n<meta property=\"og:url\" content=\"https:\/\/centerdent.ch\/fr\/prestations\/la-dentisterie-esthetique\/\" \/>\n<meta property=\"og:site_name\" content=\"Centerdent\" \/>\n<meta property=\"article:modified_time\" content=\"2023-11-21T15:05:55+00:00\" \/>\n<meta property=\"og:image\" content=\"https:\/\/centerdent.ch\/wp-content\/uploads\/2023\/11\/defaultbanner-scaled.webp\" \/>\n\t<meta property=\"og:image:width\" content=\"2560\" \/>\n\t<meta property=\"og:image:height\" content=\"995\" \/>\n\t<meta property=\"og:image:type\" content=\"image\/webp\" \/>\n<meta name=\"twitter:card\" content=\"summary_large_image\" \/>\n<meta name=\"twitter:label1\" content=\"Dur\u00e9e de lecture estim\u00e9e\" \/>\n\t<meta name=\"twitter:data1\" content=\"5 minutes\" \/>\n<script type=\"application\/ld+json\" class=\"yoast-schema-graph\">{\"@context\":\"https:\\\/\\\/schema.org\",\"@graph\":[{\"@type\":\"WebPage\",\"@id\":\"https:\\\/\\\/centerdent.ch\\\/fr\\\/prestations\\\/la-dentisterie-esthetique\\\/\",\"url\":\"https:\\\/\\\/centerdent.ch\\\/fr\\\/prestations\\\/la-dentisterie-esthetique\\\/\",\"name\":\"Centerdent | La dentisterie esth\u00e9tique\",\"isPartOf\":{\"@id\":\"https:\\\/\\\/centerdent.ch\\\/de\\\/#website\"},\"primaryImageOfPage\":{\"@id\":\"https:\\\/\\\/centerdent.ch\\\/fr\\\/prestations\\\/la-dentisterie-esthetique\\\/#primaryimage\"},\"image\":{\"@id\":\"https:\\\/\\\/centerdent.ch\\\/fr\\\/prestations\\\/la-dentisterie-esthetique\\\/#primaryimage\"},\"thumbnailUrl\":\"https:\\\/\\\/centerdent.ch\\\/wp-content\\\/uploads\\\/2023\\\/11\\\/defaultbanner-scaled.webp\",\"datePublished\":\"2023-11-01T10:11:17+00:00\",\"dateModified\":\"2023-11-21T15:05:55+00:00\",\"breadcrumb\":{\"@id\":\"https:\\\/\\\/centerdent.ch\\\/fr\\\/prestations\\\/la-dentisterie-esthetique\\\/#breadcrumb\"},\"inLanguage\":\"fr-FR\",\"potentialAction\":[{\"@type\":\"ReadAction\",\"target\":[\"https:\\\/\\\/centerdent.ch\\\/fr\\\/prestations\\\/la-dentisterie-esthetique\\\/\"]}]},{\"@type\":\"ImageObject\",\"inLanguage\":\"fr-FR\",\"@id\":\"https:\\\/\\\/centerdent.ch\\\/fr\\\/prestations\\\/la-dentisterie-esthetique\\\/#primaryimage\",\"url\":\"https:\\\/\\\/centerdent.ch\\\/wp-content\\\/uploads\\\/2023\\\/11\\\/defaultbanner-scaled.webp\",\"contentUrl\":\"https:\\\/\\\/centerdent.ch\\\/wp-content\\\/uploads\\\/2023\\\/11\\\/defaultbanner-scaled.webp\",\"width\":2560,\"height\":995},{\"@type\":\"BreadcrumbList\",\"@id\":\"https:\\\/\\\/centerdent.ch\\\/fr\\\/prestations\\\/la-dentisterie-esthetique\\\/#breadcrumb\",\"itemListElement\":[{\"@type\":\"ListItem\",\"position\":1,\"name\":\"Home\",\"item\":\"https:\\\/\\\/centerdent.ch\\\/fr\\\/\"},{\"@type\":\"ListItem\",\"position\":2,\"name\":\"Prestations\",\"item\":\"https:\\\/\\\/centerdent.ch\\\/fr\\\/prestations\\\/\"},{\"@type\":\"ListItem\",\"position\":3,\"name\":\"La dentisterie esth\u00e9tique\"}]},{\"@type\":\"WebSite\",\"@id\":\"https:\\\/\\\/centerdent.ch\\\/de\\\/#website\",\"url\":\"https:\\\/\\\/centerdent.ch\\\/de\\\/\",\"name\":\"Centerdent\",\"description\":\"Ihr Zahnarzt in Z\u00fcrich Sihlcity\",\"potentialAction\":[{\"@type\":\"SearchAction\",\"target\":{\"@type\":\"EntryPoint\",\"urlTemplate\":\"https:\\\/\\\/centerdent.ch\\\/de\\\/?s={search_term_string}\"},\"query-input\":{\"@type\":\"PropertyValueSpecification\",\"valueRequired\":true,\"valueName\":\"search_term_string\"}}],\"inLanguage\":\"fr-FR\"}]}<\/script>\n<!-- \/ Yoast SEO plugin. -->","yoast_head_json":{"title":"Centerdent | La dentisterie esth\u00e9tique","robots":{"index":"index","follow":"follow","max-snippet":"max-snippet:-1","max-image-preview":"max-image-preview:large","max-video-preview":"max-video-preview:-1"},"canonical":"https:\/\/centerdent.ch\/fr\/prestations\/la-dentisterie-esthetique\/","og_locale":"fr_FR","og_type":"article","og_title":"Centerdent | La dentisterie esth\u00e9tique","og_url":"https:\/\/centerdent.ch\/fr\/prestations\/la-dentisterie-esthetique\/","og_site_name":"Centerdent","article_modified_time":"2023-11-21T15:05:55+00:00","og_image":[{"width":2560,"height":995,"url":"https:\/\/centerdent.ch\/wp-content\/uploads\/2023\/11\/defaultbanner-scaled.webp","type":"image\/webp"}],"twitter_card":"summary_large_image","twitter_misc":{"Dur\u00e9e de lecture estim\u00e9e":"5 minutes"},"schema":{"@context":"https:\/\/schema.org","@graph":[{"@type":"WebPage","@id":"https:\/\/centerdent.ch\/fr\/prestations\/la-dentisterie-esthetique\/","url":"https:\/\/centerdent.ch\/fr\/prestations\/la-dentisterie-esthetique\/","name":"Centerdent | La dentisterie esth\u00e9tique","isPartOf":{"@id":"https:\/\/centerdent.ch\/de\/#website"},"primaryImageOfPage":{"@id":"https:\/\/centerdent.ch\/fr\/prestations\/la-dentisterie-esthetique\/#primaryimage"},"image":{"@id":"https:\/\/centerdent.ch\/fr\/prestations\/la-dentisterie-esthetique\/#primaryimage"},"thumbnailUrl":"https:\/\/centerdent.ch\/wp-content\/uploads\/2023\/11\/defaultbanner-scaled.webp","datePublished":"2023-11-01T10:11:17+00:00","dateModified":"2023-11-21T15:05:55+00:00","breadcrumb":{"@id":"https:\/\/centerdent.ch\/fr\/prestations\/la-dentisterie-esthetique\/#breadcrumb"},"inLanguage":"fr-FR","potentialAction":[{"@type":"ReadAction","target":["https:\/\/centerdent.ch\/fr\/prestations\/la-dentisterie-esthetique\/"]}]},{"@type":"ImageObject","inLanguage":"fr-FR","@id":"https:\/\/centerdent.ch\/fr\/prestations\/la-dentisterie-esthetique\/#primaryimage","url":"https:\/\/centerdent.ch\/wp-content\/uploads\/2023\/11\/defaultbanner-scaled.webp","contentUrl":"https:\/\/centerdent.ch\/wp-content\/uploads\/2023\/11\/defaultbanner-scaled.webp","width":2560,"height":995},{"@type":"BreadcrumbList","@id":"https:\/\/centerdent.ch\/fr\/prestations\/la-dentisterie-esthetique\/#breadcrumb","itemListElement":[{"@type":"ListItem","position":1,"name":"Home","item":"https:\/\/centerdent.ch\/fr\/"},{"@type":"ListItem","position":2,"name":"Prestations","item":"https:\/\/centerdent.ch\/fr\/prestations\/"},{"@type":"ListItem","position":3,"name":"La dentisterie esth\u00e9tique"}]},{"@type":"WebSite","@id":"https:\/\/centerdent.ch\/de\/#website","url":"https:\/\/centerdent.ch\/de\/","name":"Centerdent","description":"Ihr Zahnarzt in Z\u00fcrich Sihlcity","potentialAction":[{"@type":"SearchAction","target":{"@type":"EntryPoint","urlTemplate":"https:\/\/centerdent.ch\/de\/?s={search_term_string}"},"query-input":{"@type":"PropertyValueSpecification","valueRequired":true,"valueName":"search_term_string"}}],"inLanguage":"fr-FR"}]}},"_links":{"self":[{"href":"https:\/\/centerdent.ch\/fr\/wp-json\/wp\/v2\/pages\/2334","targetHints":{"allow":["GET"]}}],"collection":[{"href":"https:\/\/centerdent.ch\/fr\/wp-json\/wp\/v2\/pages"}],"about":[{"href":"https:\/\/centerdent.ch\/fr\/wp-json\/wp\/v2\/types\/page"}],"author":[{"embeddable":true,"href":"https:\/\/centerdent.ch\/fr\/wp-json\/wp\/v2\/users\/1"}],"replies":[{"embeddable":true,"href":"https:\/\/centerdent.ch\/fr\/wp-json\/wp\/v2\/comments?post=2334"}],"version-history":[{"count":3,"href":"https:\/\/centerdent.ch\/fr\/wp-json\/wp\/v2\/pages\/2334\/revisions"}],"predecessor-version":[{"id":2431,"href":"https:\/\/centerdent.ch\/fr\/wp-json\/wp\/v2\/pages\/2334\/revisions\/2431"}],"up":[{"embeddable":true,"href":"https:\/\/centerdent.ch\/fr\/wp-json\/wp\/v2\/pages\/2333"}],"wp:featuredmedia":[{"embeddable":true,"href":"https:\/\/centerdent.ch\/fr\/wp-json\/wp\/v2\/media\/2109"}],"wp:attachment":[{"href":"https:\/\/centerdent.ch\/fr\/wp-json\/wp\/v2\/media?parent=2334"}],"curies":[{"name":"wp","href":"https:\/\/api.w.org\/{rel}","templated":true}]}}